{"id":50,"date":"2021-02-12T19:44:14","date_gmt":"2021-02-12T22:44:14","guid":{"rendered":"https:\/\/www.uogc.org.ar\/?page_id=50"},"modified":"2024-10-25T20:38:49","modified_gmt":"2024-10-25T23:38:49","slug":"comision-directiva","status":"publish","type":"page","link":"https:\/\/www.uogc.org.ar\/uogc\/comision-directiva\/","title":{"rendered":"Comisi\u00f3n Directiva"},"content":{"rendered":"\t\t<div data-elementor-type=\"wp-page\" data-elementor-id=\"50\" class=\"elementor elementor-50\" data-elementor-post-type=\"page\">\n\t\t\t\t\t\t<section class=\"elementor-section elementor-top-section elementor-element elementor-element-1d9b4d7 elementor-section-boxed elementor-section-height-default elementor-section-height-default\" data-id=\"1d9b4d7\" data-element_type=\"section\" data-e-type=\"section\">\n\t\t\t\t\t\t<div class=\"elementor-container elementor-column-gap-default\">\n\t\t\t\t\t<div class=\"elementor-column elementor-col-100 elementor-top-column elementor-element elementor-element-774f450\" data-id=\"774f450\" data-element_type=\"column\" data-e-type=\"column\">\n\t\t\t<div class=\"elementor-widget-wrap elementor-element-populated\">\n\t\t\t\t\t\t<section class=\"elementor-section elementor-inner-section elementor-element elementor-element-2d0b108 elementor-section-full_width elementor-section-height-default elementor-section-height-default\" data-id=\"2d0b108\" data-element_type=\"section\" data-e-type=\"section\">\n\t\t\t\t\t\t<div class=\"elementor-container elementor-column-gap-default\">\n\t\t\t\t\t<div class=\"elementor-column elementor-col-50 elementor-inner-column elementor-element elementor-element-d9ac750\" data-id=\"d9ac750\" data-element_type=\"column\" data-e-type=\"column\">\n\t\t\t<div class=\"elementor-widget-wrap elementor-element-populated\">\n\t\t\t\t\t\t<div class=\"elementor-element elementor-element-ce2421c elementor-widget elementor-widget-text-editor\" data-id=\"ce2421c\" data-element_type=\"widget\" data-e-type=\"widget\" data-widget_type=\"text-editor.default\">\n\t\t\t\t<div class=\"elementor-widget-container\">\n\t\t\t\t\t\t\t\t\t<h4><span style=\"color: #000000;\">COMISI\u00d3N DIRECTIVA UNI\u00d3N OBRERA GR\u00c1FICA CORDOBESA<\/span><\/h4><p><span style=\"color: #000000;\">Secretaria General: BUSTOS Ilda<\/span><\/p><p><span style=\"color: #000000;\">Secretario Adjunto: ORTIZ Hugo Dante<\/span><\/p><p><span style=\"color: #000000;\">Secretario de Organizaci\u00f3n: MARTINEZ Rub\u00e9n Alberto<\/span><\/p><p><span style=\"color: #000000;\">Secretario Gremial: BATISTUTTA H\u00e9ctor Ariel<\/span><\/p><p><span style=\"color: #000000;\">Prosecretario Gremial: GOMEZ Leticia del Valle<\/span><\/p><p><span style=\"color: #000000;\">Secretario del Interior: RODRIGUEZ C\u00e9sar Omar<\/span><\/p><p><span style=\"color: #000000;\">Secretario de Acci\u00f3n Social: GONZALEZ Ramona N\u00e9lida<\/span><\/p><p><span style=\"color: #000000;\">Secretario Tesorero: RAMELLA Cristian F\u00e9lix<\/span><\/p><p><span style=\"color: #000000;\">Secretario Protesorero: SANTILLAN Alberto<\/span><\/p><p><span style=\"color: #000000;\">Secretario de Actas, Prensa, Propaganda y Cultura: OLIVA Mario Daniel<\/span><\/p><p><span style=\"color: #000000;\">Primer Vocal Titular: CHIAVASSA Roberto Ernesto<\/span><\/p><p><span style=\"color: #000000;\">Segundo Vocal Titular: TORRES Jorge Ra\u00fal<\/span><\/p><p><span style=\"color: #000000;\">Tercer Vocal Titular: TORRESI Christian Gonzalo<\/span><\/p><p><span style=\"color: #000000;\">Cuarto Vocal Titular:\u00a0BAZAN BARRIONUEVO Vilma<\/span><\/p><p><span style=\"color: #000000;\">Quinto Vocal Titular:\u00a0RODRIGUEZ Gabriel Alberto<\/span><\/p><p><span style=\"color: #000000;\">Primer Vocal Suplente:\u00a0MORENO Jos\u00e9 Andr\u00e9s<\/span><\/p><p><span style=\"color: #000000;\">Segundo Vocal Suplente:\u00a0BENAVIDEZ Cristian Walter<\/span><\/p><p><span style=\"color: #000000;\">Tercer Vocal Suplente:\u00a0RUFFINO Orfilio Vicente<\/span><\/p><p><span style=\"color: #000000;\">Cuarto Vocal Suplente:\u00a0SOSA Jos\u00e9 Antonio<\/span><\/p>\t\t\t\t\t\t\t\t<\/div>\n\t\t\t\t<\/div>\n\t\t\t\t<div class=\"elementor-element elementor-element-69b83bf elementor-widget elementor-widget-text-editor\" data-id=\"69b83bf\" data-element_type=\"widget\" data-e-type=\"widget\" data-widget_type=\"text-editor.default\">\n\t\t\t\t<div class=\"elementor-widget-container\">\n\t\t\t\t\t\t\t\t\t<h4 align=\"left\"><span style=\"color: #000000;\">COMISI\u00d3N ADMINISTRATIVA SECCIONAL LEONES<\/span><\/h4><p><span style=\"color: #000000;\">Secretario General: MOLINA GUSTAVO JORGE<\/span><\/p><p><span style=\"color: #000000;\">Secretario Gremial: DOLCE SERGIO EDUARDO<\/span><\/p><p><span style=\"color: #000000;\">Tesorero: BARBERO HORACIO<\/span><\/p><p><span style=\"color: #000000;\">Primer Vocal: QUINTEROS LUIS MARIA<\/span><\/p><p><span style=\"color: #000000;\">Segundo Vocal: QUINTEROS GUILLERMO ARIEL<\/span><\/p><h4 align=\"left\"><span style=\"color: #000000;\">COMISI\u00d3N ADMINISTRATIVA SECCIONAL R\u00cdO CUARTO<\/span><\/h4><p><span style=\"color: #000000;\">Secretario General: ZALAZAR JOSE LUIS<\/span><\/p><p><span style=\"color: #000000;\">Secretario Gremial: RODRIGUEZ RAMON ROBERTO<\/span><\/p><p><span style=\"color: #000000;\">Tesorero: MANSILLA JUAN CARLOS<\/span><\/p><p><span style=\"color: #000000;\">Primer Vocal: MOLINA GISELLA<\/span><\/p><p><span style=\"color: #000000;\">Segundo Vocal: JOFRE HECTOR DANIEL<\/span><\/p><h4 align=\"left\"><span style=\"color: #000000;\">COMISI\u00d3N ADMINISTRATIVA SECCIONAL R\u00cdO TERCERO<\/span><\/h4><p><span style=\"color: #000000;\">Secretario General: GASPAR BORIS ALEJANDRO<\/span><\/p><p><span style=\"color: #000000;\">Secretario Gremial: YANES GUSTAVO ARIEL<\/span><\/p><p><span style=\"color: #000000;\">Tesorero: DUARTEZ KARINA SOLEDAD<\/span><\/p>\t\t\t\t\t\t\t\t<\/div>\n\t\t\t\t<\/div>\n\t\t\t\t\t<\/div>\n\t\t<\/div>\n\t\t\t\t<div class=\"elementor-column elementor-col-50 elementor-inner-column elementor-element elementor-element-f2114a0\" data-id=\"f2114a0\" data-element_type=\"column\" data-e-type=\"column\">\n\t\t\t<div class=\"elementor-widget-wrap elementor-element-populated\">\n\t\t\t\t\t\t<div class=\"elementor-element elementor-element-5b2454c elementor-widget elementor-widget-text-editor\" data-id=\"5b2454c\" data-element_type=\"widget\" data-e-type=\"widget\" data-widget_type=\"text-editor.default\">\n\t\t\t\t<div class=\"elementor-widget-container\">\n\t\t\t\t\t\t\t\t\t<h4 align=\"left\"><span style=\"color: #000000;\">COMISI\u00d3N REVISORA DE CUENTAS &#8211; TITULARES<\/span><\/h4><p><span style=\"color: #000000;\">Primer Revisor de Cuentas: BURGOS H\u00e9ctor Ricardo<\/span><\/p><p><span style=\"color: #000000;\">Segundo Revisor de Cuentas: CAMA\u00d1O Mario David<\/span><\/p><p><span style=\"color: #000000;\">Tercer Revisor de Cuentas: PAEZ Walter Rafael<\/span><\/p><h4 align=\"left\"><span style=\"color: #000000;\">COMISI\u00d3N REVISORA DE CUENTAS &#8211; SUPLENTES<\/span><\/h4><p><span style=\"color: #000000;\">Primer Revisor de Cuentas: SANCHEZ Mario Alberto<\/span><\/p><p><span style=\"color: #000000;\">Segundo Revisor de Cuentas: VIAS Sergio Isidro<\/span><\/p><h4 align=\"left\"><span style=\"color: #000000;\">DELEGADOS COMISI\u00d3N NEGOCIADORA DE CONVENIO COLECTIVO DE TRABAJO<\/span><\/h4><p><span style=\"color: #000000;\">Primer Delegado Titular: BUSTOS Ilda<\/span><\/p><p><span style=\"color: #000000;\">Segundo Delegado Titular: ORTIZ Hugo Dante<\/span><\/p><p><span style=\"color: #000000;\">Tercer Delegado Titular: BATISTUTTA H\u00e9ctor Ariel<\/span><\/p><p><span style=\"color: #000000;\">Primer Delegado Suplente: MARTINEZ Rub\u00e9n Alberto<\/span><\/p><p><span style=\"color: #000000;\">Segundo Delegado Suplente: RODRIGUEZ C\u00e9sar Omar<\/span><\/p><p><span style=\"color: #000000;\">Tercer Delegado Suplente: GIMENEZ Jos\u00e9 Miguel<\/span><\/p>\t\t\t\t\t\t\t\t<\/div>\n\t\t\t\t<\/div>\n\t\t\t\t<div class=\"elementor-element elementor-element-dd1226e elementor-widget elementor-widget-text-editor\" data-id=\"dd1226e\" data-element_type=\"widget\" data-e-type=\"widget\" data-widget_type=\"text-editor.default\">\n\t\t\t\t<div class=\"elementor-widget-container\">\n\t\t\t\t\t\t\t\t\t<h4 align=\"left\"><span style=\"color: #000000;\">COMISI\u00d3N ADMINISTRATIVA SECCIONAL SAN FRANCISCO<\/span><\/h4><p><span style=\"color: #000000;\">Secretario General: RODRIGUEZ CESAR OMAR<\/span><\/p><p><span style=\"color: #000000;\">Secretario Gremial: BURGENER CRISTIAN FABIAN<\/span><\/p><p><span style=\"color: #000000;\">Tesorero: TOLOSA OSCAR AGUSTIN<\/span><\/p><p><span style=\"color: #000000;\">Primer Vocal: ALONSO GUSTAVO DANIEL<\/span><\/p><p><span style=\"color: #000000;\">Segundo Vocal: ROSSA FERNANDO<\/span><\/p><h4 align=\"left\"><span style=\"color: #000000;\">COMISI\u00d3N ADMINISTRATIVA SECCIONAL VILLA DOLORES<\/span><\/h4><p><span style=\"color: #000000;\">Secretario General: ALBORNOZ LUIS RAMON<\/span><\/p><p><span style=\"color: #000000;\">Secretario Gremial: CRUZ ZALAZAR MIGUEL ANGEL<\/span><\/p><p><span style=\"color: #000000;\">Tesorero: TORRES SERGIO MIGUEL<\/span><\/p><h4 align=\"left\"><span style=\"color: #000000;\">COMISI\u00d3N ADMINISTRATIVA SECCIONAL VILLA MAR\u00cdA<\/span><\/h4><p><span style=\"color: #000000;\">Secretario General: TREVISAN CRISTIAN LUIS<\/span><\/p><p><span style=\"color: #000000;\">Secretario Gremial: VILLEGAS MIGUEL ALEXIS<\/span><\/p><p><span style=\"color: #000000;\">Tesorero: QUIROGA VICTOR<\/span><\/p>\t\t\t\t\t\t\t\t<\/div>\n\t\t\t\t<\/div>\n\t\t\t\t\t<\/div>\n\t\t<\/div>\n\t\t\t\t\t<\/div>\n\t\t<\/section>\n\t\t\t\t\t<\/div>\n\t\t<\/div>\n\t\t\t\t\t<\/div>\n\t\t<\/section>\n\t\t\t\t<\/div>\n\t\t","protected":false},"excerpt":{"rendered":"<p> [&hellip;]<\/p>\n","protected":false},"author":1,"featured_media":0,"parent":0,"menu_order":0,"comment_status":"closed","ping_status":"closed","template":"","meta":{"_monsterinsights_skip_tracking":false,"_monsterinsights_sitenote_active":false,"_monsterinsights_sitenote_note":"","_monsterinsights_sitenote_category":0,"footnotes":""},"class_list":["post-50","page","type-page","status-publish","hentry"],"aioseo_notices":[],"publishpress_future_action":{"enabled":false,"date":"2026-05-09 06:42:49","action":"change-status","newStatus":"draft","terms":[],"taxonomy":"","extraData":[]},"publishpress_future_workflow_manual_trigger":{"enabledWorkflows":[]},"_links":{"self":[{"href":"https:\/\/www.uogc.org.ar\/uogc\/wp-json\/wp\/v2\/pages\/50","targetHints":{"allow":["GET"]}}],"collection":[{"href":"https:\/\/www.uogc.org.ar\/uogc\/wp-json\/wp\/v2\/pages"}],"about":[{"href":"https:\/\/www.uogc.org.ar\/uogc\/wp-json\/wp\/v2\/types\/page"}],"author":[{"embeddable":true,"href":"https:\/\/www.uogc.org.ar\/uogc\/wp-json\/wp\/v2\/users\/1"}],"replies":[{"embeddable":true,"href":"https:\/\/www.uogc.org.ar\/uogc\/wp-json\/wp\/v2\/comments?post=50"}],"version-history":[{"count":6,"href":"https:\/\/www.uogc.org.ar\/uogc\/wp-json\/wp\/v2\/pages\/50\/revisions"}],"predecessor-version":[{"id":2314,"href":"https:\/\/www.uogc.org.ar\/uogc\/wp-json\/wp\/v2\/pages\/50\/revisions\/2314"}],"wp:attachment":[{"href":"https:\/\/www.uogc.org.ar\/uogc\/wp-json\/wp\/v2\/media?parent=50"}],"curies":[{"name":"wp","href":"https:\/\/api.w.org\/{rel}","templated":true}]}}